{"id":3842,"date":"2017-05-04T14:29:47","date_gmt":"2017-05-04T12:29:47","guid":{"rendered":"http:\/\/www.post-co.com\/?page_id=3842\/"},"modified":"2017-05-05T11:20:43","modified_gmt":"2017-05-05T09:20:43","slug":"handler","status":"publish","type":"page","link":"https:\/\/www.post-co.com\/de\/branchen\/handler\/","title":{"rendered":"H\u00e4ndler"},"content":{"rendered":"<p>[vc_row][vc_column][vc_column_text]<\/p>\n<div class=\"middlecontainer\">\n<article id=\"post-67\" class=\"post-67 page type-page status-publish hentry\">\n<div class=\"entry-content\">\n<div class=\"entry-content\">\n<h2>Frachteigner\/H\u00e4ndler<\/h2>\n<p>Wenn H\u00e4ndler, Hersteller oder andere Eigent\u00fcmer der Waren ihre eigenen Ladungen transportieren, indem sie Schiffe chartern, m\u00fcssen sie die Haftung kennen, die ihnen m\u00f6glicherweise dabei entsteht. Folglich wird der Frachteigner mit der \u00fcblichen Haftung des Befrachters konfrontiert, z.B. Besch\u00e4digung am gecharterten Schiff, K\u00f6rperverletzung, Umweltverschmutzung, usw.<\/p>\n<p>Obendrein k\u00f6nnen sie mit Haftungsanspr\u00fcchen in ihrer Eigenschaft als Frachteigner statt als Charterer konfrontiert werden. Diese Risiken sind \u00e4hnlich der Haftung des Befrachters, wie oben beschrieben. Die Mehrheit der Frachtversicherungen deckt keine Haftung infolge der Bef\u00f6rderung des Produkts.<\/p>\n<p>Um diese Risiken zu decken, kann die Deckung von Post &amp; Co durch eine separate Vereinbarung erweitert werden, um die gesetzliche Frachteignerhaftung einzuschlie\u00dfen. Diese Erweiterung umfasst die Haftpflicht f\u00fcr Frachteigner gegen\u00fcber Dritten, einschlie\u00dflich der Verschmutzung.<\/p>\n<p>Kontaktieren Sie unser H\u00e4ndler-Team per E-Mail f\u00fcr weitere Informationen und ein Angebot.<\/p>\n<\/div>\n<\/div>\n<\/article>\n<\/div>\n<p>[\/vc_column_text][\/vc_column][\/vc_row][vc_row css=&#8220;.vc_custom_1493217349272{margin-top: 30px !important;}&#8220;][vc_column][vc_column_text]<\/p>\n<h2>Produkte<\/h2>\n<p>[\/vc_column_text][\/vc_column][\/vc_row][vc_row css=&#8220;.vc_custom_1493217314792{margin-top: 20px !important;}&#8220;][vc_column width=&#8220;1\/2&#8243;]<div class=\"slz_shortcode col-2-shortcode sc_accordion accordion-69568501569edc8edf094f \"><div id=\"accordion-69568501569edc8edf094f\" role=\"tablist\" aria-multiselectable=\"true\" class=\"slz-accordion-group\"><div class=\"accordion-panel panel\">\n\t\t\t\t\t\t<div id=\"heading-1-69568501569edc8edf094f\" role=\"tab\" class=\"panel-heading  active_panel\">\n\t\t\t\t\t\t\t<a role=\"button\" data-toggle=\"collapse\" data-parent=\"#accordion-69568501569edc8edf094f\" href=\"#collapse-1-69568501569edc8edf094f\" aria-expanded=\"false\" aria-controls=\"collapse-1-69568501569edc8edf094f\" class=\"collapsed check-data-collapsed\">\n\t\t\t\t\t\t\t\t<i class=\"icon-plus accordion-icon\"><\/i>\n\t\t\t\t\t\t\t\t<span>P&amp;I Versicherung<\/span>\n\t\t\t\t\t\t\t<\/a>\n\t\t\t\t\t\t<\/div>\n\t\t\t\t\t\n\t\t\t\t\t\t<div id=\"collapse-1-69568501569edc8edf094f\" role=\"tabpanel\" aria-labelledby=\"heading-1-69568501569edc8edf094f\" class=\"panel-collapse collapse \">\n\t\t\t\t\t\t\t<div class=\"panel-body\">Die P&amp;I Versicherung deckt die Haftung, die aus dem Betrieb des Schiffes entsteht und wurde urspr\u00fcnglich von Schiffseignern gegr\u00fcndet. Abgesehen von dieser Kategorie k\u00f6nnen auch andere Bediener, wie Verwalter und Befrachter gegen solche Risiken gesch\u00fctzt werden.<br \/>\n<br \/>\nDie P&amp;I Versicherung deckt die Haftung des Versicherten bei (aber nicht nur):<br \/>\n\u2022 Personensch\u00e4den von Besatzung, Passagieren oder anderen an Bord<br \/>\n\u2022\u00a0Verlust oder Besch\u00e4digung der Ladung<br \/>\n\u2022\u00a0Verschmutzung<br \/>\n\u2022\u00a0Wrackbeseitigung<br \/>\n\u2022 (Exzess) Kollision mit anderen Schiffen und Objekten<br \/>\n\u2022\u00a0Abschleppen<br \/>\n\u2022 Eigentum an Bord<br \/>\n<\/div>\n\t\t\t\t\t\t<\/div>\n\t\t\t\t\t<\/div><div class=\"accordion-panel panel\">\n\t\t\t\t\t\t<div id=\"heading-2-69568501569edc8edf094f\" role=\"tab\" class=\"panel-heading  \">\n\t\t\t\t\t\t\t<a role=\"button\" data-toggle=\"collapse\" data-parent=\"#accordion-69568501569edc8edf094f\" href=\"#collapse-2-69568501569edc8edf094f\" aria-expanded=\"false\" aria-controls=\"collapse-2-69568501569edc8edf094f\" class=\"collapsed check-data-collapsed\">\n\t\t\t\t\t\t\t\t<i class=\"icon-plus accordion-icon\"><\/i>\n\t\t\t\t\t\t\t\t<span>Schaden am Schiff<\/span>\n\t\t\t\t\t\t\t<\/a>\n\t\t\t\t\t\t<\/div>\n\t\t\t\t\t\n\t\t\t\t\t\t<div id=\"collapse-2-69568501569edc8edf094f\" role=\"tabpanel\" aria-labelledby=\"heading-2-69568501569edc8edf094f\" class=\"panel-collapse collapse \">\n\t\t\t\t\t\t\t<div class=\"panel-body\">Zus\u00e4tzlich zu P&amp;I-Risiken des Befrachters, ist der Befrachter m\u00f6glicherweise f\u00fcr Sch\u00e4den am Schiff w\u00e4hrend der Charterzeit haftbar. Die P&amp;I-Versicherung deckt keine Sch\u00e4den am Schiff. Befrachter m\u00fcssen also eine Sch\u00e4den am Schiffversicherung abschlie\u00dfen, die die Haftung des Charterers f\u00fcr solche Sch\u00e4den versichert.<br \/>\n<br \/>\nPost &amp; Co bieten ma\u00dfgeschneiderte Deckungen f\u00fcr Befrachter und wir laden Sie ein, mehr \u00fcber unsere Versicherungsl\u00f6sungen f\u00fcr die Charterer-Branche zu lesen.<\/div>\n\t\t\t\t\t\t<\/div>\n\t\t\t\t\t<\/div><div class=\"accordion-panel panel\">\n\t\t\t\t\t\t<div id=\"heading-3-69568501569edc8edf094f\" role=\"tab\" class=\"panel-heading  \">\n\t\t\t\t\t\t\t<a role=\"button\" data-toggle=\"collapse\" data-parent=\"#accordion-69568501569edc8edf094f\" href=\"#collapse-3-69568501569edc8edf094f\" aria-expanded=\"false\" aria-controls=\"collapse-3-69568501569edc8edf094f\" class=\"collapsed check-data-collapsed\">\n\t\t\t\t\t\t\t\t<i class=\"icon-plus accordion-icon\"><\/i>\n\t\t\t\t\t\t\t\t<span>Rechtsschutz Versicherung<\/span>\n\t\t\t\t\t\t\t<\/a>\n\t\t\t\t\t\t<\/div>\n\t\t\t\t\t\n\t\t\t\t\t\t<div id=\"collapse-3-69568501569edc8edf094f\" role=\"tabpanel\" aria-labelledby=\"heading-3-69568501569edc8edf094f\" class=\"panel-collapse collapse \">\n\t\t\t\t\t\t\t<div class=\"panel-body\">Diese Rechtsschutzversicherung deckt die Rechtskosten der Versicherten bei Streitigkeiten, die nicht von der P&amp;I-Versicherung gedeckt werden. Das k\u00f6nnen Rechtsstreite bez\u00fcglich Chartervertr\u00e4gen, Frachtdokumenten, Transportvertr\u00e4gen und Streitigkeiten bez\u00fcglich der Liegegeb\u00fchr, Frachtkosten usw. sein. Die Versicherung deckt die Rechtskosten bei diesen Verfahren, nicht den tats\u00e4chlich strittigen Betrag.<\/div>\n\t\t\t\t\t\t<\/div>\n\t\t\t\t\t<\/div><div class=\"accordion-panel panel\">\n\t\t\t\t\t\t<div id=\"heading-4-69568501569edc8edf094f\" role=\"tab\" class=\"panel-heading  \">\n\t\t\t\t\t\t\t<a role=\"button\" data-toggle=\"collapse\" data-parent=\"#accordion-69568501569edc8edf094f\" href=\"#collapse-4-69568501569edc8edf094f\" aria-expanded=\"false\" aria-controls=\"collapse-4-69568501569edc8edf094f\" class=\"collapsed check-data-collapsed\">\n\t\t\t\t\t\t\t\t<i class=\"icon-plus accordion-icon\"><\/i>\n\t\t\t\t\t\t\t\t<span>Rechtskosten<\/span>\n\t\t\t\t\t\t\t<\/a>\n\t\t\t\t\t\t<\/div>\n\t\t\t\t\t\n\t\t\t\t\t\t<div id=\"collapse-4-69568501569edc8edf094f\" role=\"tabpanel\" aria-labelledby=\"heading-4-69568501569edc8edf094f\" class=\"panel-collapse collapse \">\n\t\t\t\t\t\t\t<div class=\"panel-body\">Die Rechtskostenversicherung beinhaltet ein eigenes Risiko das vom Versicherten selbst zu tragen ist. Solch ein eigenes Risiko kann unter Rechtskosten gedeckt werden, unterliegt aber der Bedingung, dass auch die Rechtsch\u00fctzversicherung (F.D. &amp; D.) herausgenommen worden ist.<\/div>\n\t\t\t\t\t\t<\/div>\n\t\t\t\t\t<\/div><div class=\"accordion-panel panel\">\n\t\t\t\t\t\t<div id=\"heading-5-69568501569edc8edf094f\" role=\"tab\" class=\"panel-heading  \">\n\t\t\t\t\t\t\t<a role=\"button\" data-toggle=\"collapse\" data-parent=\"#accordion-69568501569edc8edf094f\" href=\"#collapse-5-69568501569edc8edf094f\" aria-expanded=\"false\" aria-controls=\"collapse-5-69568501569edc8edf094f\" class=\"collapsed check-data-collapsed\">\n\t\t\t\t\t\t\t\t<i class=\"icon-plus accordion-icon\"><\/i>\n\t\t\t\t\t\t\t\t<span>Gesetzliche Haftpflicht des Frachteigners<\/span>\n\t\t\t\t\t\t\t<\/a>\n\t\t\t\t\t\t<\/div>\n\t\t\t\t\t\n\t\t\t\t\t\t<div id=\"collapse-5-69568501569edc8edf094f\" role=\"tabpanel\" aria-labelledby=\"heading-5-69568501569edc8edf094f\" class=\"panel-collapse collapse \">\n\t\t\t\t\t\t\t<div class=\"panel-body\">H\u00e4ndler, Hersteller oder andere Eigent\u00fcmer von Waren, die Schiffe chartern, um ihre Fracht zu transportieren sind nat\u00fcrlich genau wie die Befrachter haftbar, wie es der Fall f\u00fcr andere Befrachter ist. Dar\u00fcber hinaus k\u00f6nnen jedoch Ladungseigner auch Haftungsanspr\u00fcchen in ihrer Eigenschaft als Frachteigner anstelle von Charterer gegen\u00fcberstehen. Die Mehrheit der Frachtversicherungen deckt keine Haftung f\u00fcr Verbindlichkeiten infolge der Bef\u00f6rderung der Erzeugnisse. Um diese Risiken zu decken, kann Post &amp; Co durch separate Vereinbarung erweitert werden, um die gesetzliche Frachteignerhaftung einzuschlie\u00dfen.<\/div>\n\t\t\t\t\t\t<\/div>\n\t\t\t\t\t<\/div><\/div><\/div>[\/vc_column][vc_column width=&#8220;1\/2&#8243;]<div class=\"slz_shortcode col-2-shortcode sc_accordion accordion-41658184869edc8edf0fe7 \"><div id=\"accordion-41658184869edc8edf0fe7\" role=\"tablist\" aria-multiselectable=\"true\" class=\"slz-accordion-group\"><div class=\"accordion-panel panel\">\n\t\t\t\t\t\t<div id=\"heading-1-41658184869edc8edf0fe7\" role=\"tab\" class=\"panel-heading  active_panel\">\n\t\t\t\t\t\t\t<a role=\"button\" data-toggle=\"collapse\" data-parent=\"#accordion-41658184869edc8edf0fe7\" href=\"#collapse-1-41658184869edc8edf0fe7\" aria-expanded=\"false\" aria-controls=\"collapse-1-41658184869edc8edf0fe7\" class=\"collapsed check-data-collapsed\">\n\t\t\t\t\t\t\t\t<i class=\"icon-plus accordion-icon\"><\/i>\n\t\t\t\t\t\t\t\t<span>Bunkers<\/span>\n\t\t\t\t\t\t\t<\/a>\n\t\t\t\t\t\t<\/div>\n\t\t\t\t\t\n\t\t\t\t\t\t<div id=\"collapse-1-41658184869edc8edf0fe7\" role=\"tabpanel\" aria-labelledby=\"heading-1-41658184869edc8edf0fe7\" class=\"panel-collapse collapse \">\n\t\t\t\t\t\t\t<div class=\"panel-body\">Bunker, die zur Verf\u00fcgung gestellt und im Besitz von Befrachtern sind, k\u00f6nnen einen erheblichen Wert darstellen. Die Bunker-Versicherung des Befrachters deckt den Verlust oder Schaden am Bunker. Wenn im Falle einer Havarie Grosse der Wert der Bunker der zur Havarie Grosse Anteil beitr\u00e4gt, deckt die Befrachter-Bunkerversicherung so einen Anteil.<\/div>\n\t\t\t\t\t\t<\/div>\n\t\t\t\t\t<\/div><div class=\"accordion-panel panel\">\n\t\t\t\t\t\t<div id=\"heading-2-41658184869edc8edf0fe7\" role=\"tab\" class=\"panel-heading  \">\n\t\t\t\t\t\t\t<a role=\"button\" data-toggle=\"collapse\" data-parent=\"#accordion-41658184869edc8edf0fe7\" href=\"#collapse-2-41658184869edc8edf0fe7\" aria-expanded=\"false\" aria-controls=\"collapse-2-41658184869edc8edf0fe7\" class=\"collapsed check-data-collapsed\">\n\t\t\t\t\t\t\t\t<i class=\"icon-plus accordion-icon\"><\/i>\n\t\t\t\t\t\t\t\t<span>Piraterie \/ Verlust der Einnahme<\/span>\n\t\t\t\t\t\t\t<\/a>\n\t\t\t\t\t\t<\/div>\n\t\t\t\t\t\n\t\t\t\t\t\t<div id=\"collapse-2-41658184869edc8edf0fe7\" role=\"tabpanel\" aria-labelledby=\"heading-2-41658184869edc8edf0fe7\" class=\"panel-collapse collapse \">\n\t\t\t\t\t\t\t<div class=\"panel-body\">Diese Versicherung deckt die Tagesverluste, wenn das Schiff, infolge eines eines Aktes der Piraterie, festgehalten wird und die Schiffsmiete unter solchen Umst\u00e4nden nicht aufgehoben werden kann. Die Deckung zahlt bis zu dem vereinbarten Grenzwert nach dem t\u00e4glichen Verleihwert im Chartervertrag.<\/div>\n\t\t\t\t\t\t<\/div>\n\t\t\t\t\t<\/div><div class=\"accordion-panel panel\">\n\t\t\t\t\t\t<div id=\"heading-3-41658184869edc8edf0fe7\" role=\"tab\" class=\"panel-heading  \">\n\t\t\t\t\t\t\t<a role=\"button\" data-toggle=\"collapse\" data-parent=\"#accordion-41658184869edc8edf0fe7\" href=\"#collapse-3-41658184869edc8edf0fe7\" aria-expanded=\"false\" aria-controls=\"collapse-3-41658184869edc8edf0fe7\" class=\"collapsed check-data-collapsed\">\n\t\t\t\t\t\t\t\t<i class=\"icon-plus accordion-icon\"><\/i>\n\t\t\t\t\t\t\t\t<span>Handelsunterbrechungsversicherung (TDI)<\/span>\n\t\t\t\t\t\t\t<\/a>\n\t\t\t\t\t\t<\/div>\n\t\t\t\t\t\n\t\t\t\t\t\t<div id=\"collapse-3-41658184869edc8edf0fe7\" role=\"tabpanel\" aria-labelledby=\"heading-3-41658184869edc8edf0fe7\" class=\"panel-collapse collapse \">\n\t\t\t\t\t\t\t<div class=\"panel-body\">Deckt den Verlust von Einnahmen, zus\u00e4tzlichen Kosten, Aufwendungen und Vertragsstrafen aufgrund verschiedener Gefahren einschlie\u00dflich Maschinenschaden, politischen Risiken, Streiks, Erdbeben und anderen Vorf\u00e4lle, die zur Verz\u00f6gerung des Schiffes f\u00fchren.<\/div>\n\t\t\t\t\t\t<\/div>\n\t\t\t\t\t<\/div><div class=\"accordion-panel panel\">\n\t\t\t\t\t\t<div id=\"heading-4-41658184869edc8edf0fe7\" role=\"tab\" class=\"panel-heading  \">\n\t\t\t\t\t\t\t<a role=\"button\" data-toggle=\"collapse\" data-parent=\"#accordion-41658184869edc8edf0fe7\" href=\"#collapse-4-41658184869edc8edf0fe7\" aria-expanded=\"false\" aria-controls=\"collapse-4-41658184869edc8edf0fe7\" class=\"collapsed check-data-collapsed\">\n\t\t\t\t\t\t\t\t<i class=\"icon-plus accordion-icon\"><\/i>\n\t\t\t\t\t\t\t\t<span>Interesse des Befrachters<\/span>\n\t\t\t\t\t\t\t<\/a>\n\t\t\t\t\t\t<\/div>\n\t\t\t\t\t\n\t\t\t\t\t\t<div id=\"collapse-4-41658184869edc8edf0fe7\" role=\"tabpanel\" aria-labelledby=\"heading-4-41658184869edc8edf0fe7\" class=\"panel-collapse collapse \">\n\t\t\t\t\t\t\t<div class=\"panel-body\">Diese Versicherung deckt die zus\u00e4tzlichen Kosten, die dem Befrachter aufgrund von Verz\u00f6gerungen infolge von maritimen Gefahren entstehen k\u00f6nnen. Wenn beispielsweise ein Befrachter, der einem Frachtvertrag (C.o.A.) unterliegt, Ersatztonnage chartern muss, weil die urspr\u00fcngliche Charter aufgrund eines gedeckten Risikos nicht fortgesetzt werden kann, kann dies zu erheblichen, zus\u00e4tzlichen Kosten f\u00fcr den Befrachter f\u00fchren. Diese zus\u00e4tzlichen Kosten fallen unter die Befrachter-Interesse-Versicherung.<\/div>\n\t\t\t\t\t\t<\/div>\n\t\t\t\t\t<\/div><div class=\"accordion-panel panel\">\n\t\t\t\t\t\t<div id=\"heading-5-41658184869edc8edf0fe7\" role=\"tab\" class=\"panel-heading  \">\n\t\t\t\t\t\t\t<a role=\"button\" data-toggle=\"collapse\" data-parent=\"#accordion-41658184869edc8edf0fe7\" href=\"#collapse-5-41658184869edc8edf0fe7\" aria-expanded=\"false\" aria-controls=\"collapse-5-41658184869edc8edf0fe7\" class=\"collapsed check-data-collapsed\">\n\t\t\t\t\t\t\t\t<i class=\"icon-plus accordion-icon\"><\/i>\n\t\t\t\t\t\t\t\t<span>Lagerung<\/span>\n\t\t\t\t\t\t\t<\/a>\n\t\t\t\t\t\t<\/div>\n\t\t\t\t\t\n\t\t\t\t\t\t<div id=\"collapse-5-41658184869edc8edf0fe7\" role=\"tabpanel\" aria-labelledby=\"heading-5-41658184869edc8edf0fe7\" class=\"panel-collapse collapse \">\n\t\t\t\t\t\t\t<div class=\"panel-body\">F\u00fcr weitere Ausk\u00fcnfte oder ein Angebot, bitte nehmen sie Kontakt mit uns auf.<\/div>\n\t\t\t\t\t\t<\/div>\n\t\t\t\t\t<\/div><\/div><\/div>[\/vc_column][\/vc_row]<\/p>\n","protected":false},"excerpt":{"rendered":"<p>[vc_row][vc_column][vc_column_text] Frachteigner\/H\u00e4ndler Wenn H\u00e4ndler, Hersteller oder andere Eigent\u00fcmer der Waren ihre eigenen Ladungen transportieren, indem sie Schiffe chartern, m\u00fcssen sie die Haftung kennen, die ihnen m\u00f6glicherweise dabei entsteht. Folglich wird der Frachteigner mit der \u00fcblichen Haftung des Befrachters konfrontiert, z.B. Besch\u00e4digung am gecharterten Schiff, K\u00f6rperverletzung, Umweltverschmutzung, usw. Obendrein k\u00f6nnen sie mit Haftungsanspr\u00fcchen in ihrer Eigenschaft [&hellip;]<\/p>\n","protected":false},"author":1,"featured_media":0,"parent":3771,"menu_order":0,"comment_status":"closed","ping_status":"closed","template":"","meta":{"footnotes":""},"class_list":["post-3842","page","type-page","status-publish","hentry"],"_links":{"self":[{"href":"https:\/\/www.post-co.com\/de\/wp-json\/wp\/v2\/pages\/3842","targetHints":{"allow":["GET"]}}],"collection":[{"href":"https:\/\/www.post-co.com\/de\/wp-json\/wp\/v2\/pages"}],"about":[{"href":"https:\/\/www.post-co.com\/de\/wp-json\/wp\/v2\/types\/page"}],"author":[{"embeddable":true,"href":"https:\/\/www.post-co.com\/de\/wp-json\/wp\/v2\/users\/1"}],"replies":[{"embeddable":true,"href":"https:\/\/www.post-co.com\/de\/wp-json\/wp\/v2\/comments?post=3842"}],"version-history":[{"count":1,"href":"https:\/\/www.post-co.com\/de\/wp-json\/wp\/v2\/pages\/3842\/revisions"}],"predecessor-version":[{"id":3843,"href":"https:\/\/www.post-co.com\/de\/wp-json\/wp\/v2\/pages\/3842\/revisions\/3843"}],"up":[{"embeddable":true,"href":"https:\/\/www.post-co.com\/de\/wp-json\/wp\/v2\/pages\/3771"}],"wp:attachment":[{"href":"https:\/\/www.post-co.com\/de\/wp-json\/wp\/v2\/media?parent=3842"}],"curies":[{"name":"wp","href":"https:\/\/api.w.org\/{rel}","templated":true}]}}